{"id":676,"date":"2020-11-03T12:10:31","date_gmt":"2020-11-03T12:10:31","guid":{"rendered":"https:\/\/spgarquitectura.com\/?page_id=676"},"modified":"2022-08-30T14:39:58","modified_gmt":"2022-08-30T14:39:58","slug":"contacte-intro","status":"publish","type":"page","link":"http:\/\/spgarquitectura.com\/ca\/contacte\/contacte-intro\/","title":{"rendered":"Contacte &#8211; Intro"},"content":{"rendered":"<div class=\"pixcode  pixcode--grid  grid  \">\n\n<div class=\"grid__item lap-three-twelfths\">\n\n<h4>Oficina<\/h4>\n<p class=\"small\">c\/ Musitu 17 baixos 1\u00aa,<br \/>\n08023, Barcelona<\/p>\n<p class=\"small\"><a href=\"tel:+34 934144200\">+34 934144200<\/a><\/p>\n<p class=\"small\"><a class=\"clear\" href=\"https:\/\/www.google.es\/maps\/place\/Carrer+de+Musitu,+17,+1%C2%AA,+08023+Barcelona\/@41.4059334,2.1404362,17z\" target=\"_blank\" rel=\"noopener noreferrer\"><i class=\"pixcode  pixcode--icon  icon-map-marker      \"><\/i> Visualitza al mapa<\/a><\/p>\n\n<\/div>\n\n<div class=\"grid__item lap-three-twelfths\">\n\n<h4>Email<\/h4>\n<p class=\"small\"><a href=\"mailto:info@spgarquitectura.com\">info@spgarquitectura.com<\/a><\/p>\n\n<\/div>\n\n<div class=\"grid__item lap-six-twelfths\">\n\n<h4>Envia&#8217;ns un missatge<\/h4>\n<div class=\"wpforms-container wpforms-container-full\" id=\"wpforms-5128\"><form id=\"wpforms-form-5128\" class=\"wpforms-validate wpforms-form\" data-formid=\"5128\" method=\"post\" enctype=\"multipart\/form-data\" action=\"\/ca\/wp-json\/wp\/v2\/pages\/676\" data-token=\"ec1247c1706cb7ab8b8e686ae4eecead\"><noscript class=\"wpforms-error-noscript\">Please enable JavaScript in your browser to complete this form.<\/noscript><div class=\"wpforms-field-container\"><div id=\"wpforms-5128-field_0-container\" class=\"wpforms-field wpforms-field-name\" data-field-id=\"0\"><label class=\"wpforms-field-label\" for=\"wpforms-5128-field_0\">Nom <span class=\"wpforms-required-label\">*<\/span><\/label><input type=\"text\" id=\"wpforms-5128-field_0\" class=\"wpforms-field-medium wpforms-field-required\" name=\"wpforms[fields][0]\" required><\/div><div id=\"wpforms-5128-field_1-container\" class=\"wpforms-field wpforms-field-email\" data-field-id=\"1\"><label class=\"wpforms-field-label\" for=\"wpforms-5128-field_1\">Correu electr\u00f2nic <span class=\"wpforms-required-label\">*<\/span><\/label><input type=\"email\" id=\"wpforms-5128-field_1\" class=\"wpforms-field-medium wpforms-field-required\" name=\"wpforms[fields][1]\" required><\/div><div id=\"wpforms-5128-field_2-container\" class=\"wpforms-field wpforms-field-textarea\" data-field-id=\"2\"><label class=\"wpforms-field-label\" for=\"wpforms-5128-field_2\">Missatge <span class=\"wpforms-required-label\">*<\/span><\/label><textarea id=\"wpforms-5128-field_2\" class=\"wpforms-field-medium wpforms-field-required\" name=\"wpforms[fields][2]\" required><\/textarea><\/div><\/div><div class=\"wpforms-submit-container\"><input type=\"hidden\" name=\"wpforms[id]\" value=\"5128\"><input type=\"hidden\" name=\"wpforms[author]\" value=\"1\"><button type=\"submit\" name=\"wpforms[submit]\" id=\"wpforms-submit-5128\" class=\"wpforms-submit\" data-alt-text=\"Enviando...\" data-submit-text=\"Enviar\" aria-live=\"assertive\" value=\"wpforms-submit\">Enviar<\/button><\/div><\/form><\/div>  <!-- .wpforms-container -->\n\n<\/div>\n\n\n<\/div>\n\n","protected":false},"excerpt":{"rendered":"","protected":false},"author":1,"featured_media":0,"parent":674,"menu_order":1,"comment_status":"closed","ping_status":"closed","template":"","meta":[],"yoast_head":"<!-- This site is optimized with the Yoast SEO plugin v19.10 - https:\/\/yoast.com\/wordpress\/plugins\/seo\/ -->\n<title>Contacte - Intro - SPG Arquitectura<\/title>\n<meta name=\"description\" content=\"P\u00e0gina de contacte de SPG arquitectura, estudi situat a Barcelona amb m\u00e9s de 40 anys d&#039;experi\u00e8ncia.\" \/>\n<meta name=\"robots\" content=\"index, follow, max-snippet:-1, max-image-preview:large, max-video-preview:-1\" \/>\n<meta property=\"og:locale\" content=\"ca_ES\" \/>\n<meta property=\"og:type\" content=\"article\" \/>\n<meta property=\"og:title\" content=\"Contacte - Intro - SPG Arquitectura\" \/>\n<meta property=\"og:description\" content=\"P\u00e0gina de contacte de SPG arquitectura, estudi situat a Barcelona amb m\u00e9s de 40 anys d&#039;experi\u00e8ncia.\" \/>\n<meta property=\"og:url\" content=\"http:\/\/spgarquitectura.com\/ca\/contacte\/contacte-intro\/\" \/>\n<meta property=\"og:site_name\" content=\"SPG Arquitectura\" \/>\n<meta property=\"article:modified_time\" content=\"2022-08-30T14:39:58+00:00\" \/>\n<meta name=\"twitter:card\" content=\"summary_large_image\" \/>\n<meta name=\"twitter:label1\" content=\"Temps estimat de lectura\" \/>\n\t<meta name=\"twitter:data1\" content=\"1 minut\" \/>\n<script type=\"application\/ld+json\" class=\"yoast-schema-graph\">{\"@context\":\"https:\/\/schema.org\",\"@graph\":[{\"@type\":\"WebPage\",\"@id\":\"http:\/\/spgarquitectura.com\/ca\/contacte\/contacte-intro\/\",\"url\":\"http:\/\/spgarquitectura.com\/ca\/contacte\/contacte-intro\/\",\"name\":\"Contacte - Intro - SPG Arquitectura\",\"isPartOf\":{\"@id\":\"http:\/\/spgarquitectura.com\/#website\"},\"datePublished\":\"2020-11-03T12:10:31+00:00\",\"dateModified\":\"2022-08-30T14:39:58+00:00\",\"description\":\"P\u00e0gina de contacte de SPG arquitectura, estudi situat a Barcelona amb m\u00e9s de 40 anys d'experi\u00e8ncia.\",\"breadcrumb\":{\"@id\":\"http:\/\/spgarquitectura.com\/ca\/contacte\/contacte-intro\/#breadcrumb\"},\"inLanguage\":\"ca\",\"potentialAction\":[{\"@type\":\"ReadAction\",\"target\":[\"http:\/\/spgarquitectura.com\/ca\/contacte\/contacte-intro\/\"]}]},{\"@type\":\"BreadcrumbList\",\"@id\":\"http:\/\/spgarquitectura.com\/ca\/contacte\/contacte-intro\/#breadcrumb\",\"itemListElement\":[{\"@type\":\"ListItem\",\"position\":1,\"name\":\"Portada\",\"item\":\"http:\/\/spgarquitectura.com\/ca\/\"},{\"@type\":\"ListItem\",\"position\":2,\"name\":\"Contacte\",\"item\":\"http:\/\/spgarquitectura.com\/ca\/contacte\/\"},{\"@type\":\"ListItem\",\"position\":3,\"name\":\"Contacte &#8211; Intro\"}]},{\"@type\":\"WebSite\",\"@id\":\"http:\/\/spgarquitectura.com\/#website\",\"url\":\"http:\/\/spgarquitectura.com\/\",\"name\":\"SPG Arquitectura\",\"description\":\"Estudio de arquitectura en Barcelona desde 1980. Especializados en metodolog\u00eda BIM.\",\"publisher\":{\"@id\":\"http:\/\/spgarquitectura.com\/#organization\"},\"potentialAction\":[{\"@type\":\"SearchAction\",\"target\":{\"@type\":\"EntryPoint\",\"urlTemplate\":\"http:\/\/spgarquitectura.com\/?s={search_term_string}\"},\"query-input\":\"required name=search_term_string\"}],\"inLanguage\":\"ca\"},{\"@type\":\"Organization\",\"@id\":\"http:\/\/spgarquitectura.com\/#organization\",\"name\":\"SPG Arquitectura\",\"url\":\"http:\/\/spgarquitectura.com\/\",\"logo\":{\"@type\":\"ImageObject\",\"inLanguage\":\"ca\",\"@id\":\"http:\/\/spgarquitectura.com\/#\/schema\/logo\/image\/\",\"url\":\"https:\/\/spgarquitectura.com\/wp-content\/uploads\/2022\/04\/logo-spg_icon.jpg\",\"contentUrl\":\"https:\/\/spgarquitectura.com\/wp-content\/uploads\/2022\/04\/logo-spg_icon.jpg\",\"width\":568,\"height\":568,\"caption\":\"SPG Arquitectura\"},\"image\":{\"@id\":\"http:\/\/spgarquitectura.com\/#\/schema\/logo\/image\/\"}}]}<\/script>\n<!-- \/ Yoast SEO plugin. -->","yoast_head_json":{"title":"Contacte - Intro - SPG Arquitectura","description":"P\u00e0gina de contacte de SPG arquitectura, estudi situat a Barcelona amb m\u00e9s de 40 anys d'experi\u00e8ncia.","robots":{"index":"index","follow":"follow","max-snippet":"max-snippet:-1","max-image-preview":"max-image-preview:large","max-video-preview":"max-video-preview:-1"},"og_locale":"ca_ES","og_type":"article","og_title":"Contacte - Intro - SPG Arquitectura","og_description":"P\u00e0gina de contacte de SPG arquitectura, estudi situat a Barcelona amb m\u00e9s de 40 anys d'experi\u00e8ncia.","og_url":"http:\/\/spgarquitectura.com\/ca\/contacte\/contacte-intro\/","og_site_name":"SPG Arquitectura","article_modified_time":"2022-08-30T14:39:58+00:00","twitter_card":"summary_large_image","twitter_misc":{"Temps estimat de lectura":"1 minut"},"schema":{"@context":"https:\/\/schema.org","@graph":[{"@type":"WebPage","@id":"http:\/\/spgarquitectura.com\/ca\/contacte\/contacte-intro\/","url":"http:\/\/spgarquitectura.com\/ca\/contacte\/contacte-intro\/","name":"Contacte - Intro - SPG Arquitectura","isPartOf":{"@id":"http:\/\/spgarquitectura.com\/#website"},"datePublished":"2020-11-03T12:10:31+00:00","dateModified":"2022-08-30T14:39:58+00:00","description":"P\u00e0gina de contacte de SPG arquitectura, estudi situat a Barcelona amb m\u00e9s de 40 anys d'experi\u00e8ncia.","breadcrumb":{"@id":"http:\/\/spgarquitectura.com\/ca\/contacte\/contacte-intro\/#breadcrumb"},"inLanguage":"ca","potentialAction":[{"@type":"ReadAction","target":["http:\/\/spgarquitectura.com\/ca\/contacte\/contacte-intro\/"]}]},{"@type":"BreadcrumbList","@id":"http:\/\/spgarquitectura.com\/ca\/contacte\/contacte-intro\/#breadcrumb","itemListElement":[{"@type":"ListItem","position":1,"name":"Portada","item":"http:\/\/spgarquitectura.com\/ca\/"},{"@type":"ListItem","position":2,"name":"Contacte","item":"http:\/\/spgarquitectura.com\/ca\/contacte\/"},{"@type":"ListItem","position":3,"name":"Contacte &#8211; Intro"}]},{"@type":"WebSite","@id":"http:\/\/spgarquitectura.com\/#website","url":"http:\/\/spgarquitectura.com\/","name":"SPG Arquitectura","description":"Estudio de arquitectura en Barcelona desde 1980. Especializados en metodolog\u00eda BIM.","publisher":{"@id":"http:\/\/spgarquitectura.com\/#organization"},"potentialAction":[{"@type":"SearchAction","target":{"@type":"EntryPoint","urlTemplate":"http:\/\/spgarquitectura.com\/?s={search_term_string}"},"query-input":"required name=search_term_string"}],"inLanguage":"ca"},{"@type":"Organization","@id":"http:\/\/spgarquitectura.com\/#organization","name":"SPG Arquitectura","url":"http:\/\/spgarquitectura.com\/","logo":{"@type":"ImageObject","inLanguage":"ca","@id":"http:\/\/spgarquitectura.com\/#\/schema\/logo\/image\/","url":"https:\/\/spgarquitectura.com\/wp-content\/uploads\/2022\/04\/logo-spg_icon.jpg","contentUrl":"https:\/\/spgarquitectura.com\/wp-content\/uploads\/2022\/04\/logo-spg_icon.jpg","width":568,"height":568,"caption":"SPG Arquitectura"},"image":{"@id":"http:\/\/spgarquitectura.com\/#\/schema\/logo\/image\/"}}]}},"_links":{"self":[{"href":"http:\/\/spgarquitectura.com\/ca\/wp-json\/wp\/v2\/pages\/676"}],"collection":[{"href":"http:\/\/spgarquitectura.com\/ca\/wp-json\/wp\/v2\/pages"}],"about":[{"href":"http:\/\/spgarquitectura.com\/ca\/wp-json\/wp\/v2\/types\/page"}],"author":[{"embeddable":true,"href":"http:\/\/spgarquitectura.com\/ca\/wp-json\/wp\/v2\/users\/1"}],"replies":[{"embeddable":true,"href":"http:\/\/spgarquitectura.com\/ca\/wp-json\/wp\/v2\/comments?post=676"}],"version-history":[{"count":7,"href":"http:\/\/spgarquitectura.com\/ca\/wp-json\/wp\/v2\/pages\/676\/revisions"}],"predecessor-version":[{"id":5135,"href":"http:\/\/spgarquitectura.com\/ca\/wp-json\/wp\/v2\/pages\/676\/revisions\/5135"}],"up":[{"embeddable":true,"href":"http:\/\/spgarquitectura.com\/ca\/wp-json\/wp\/v2\/pages\/674"}],"wp:attachment":[{"href":"http:\/\/spgarquitectura.com\/ca\/wp-json\/wp\/v2\/media?parent=676"}],"curies":[{"name":"wp","href":"https:\/\/api.w.org\/{rel}","templated":true}]}}